{"id":8642,"date":"2024-03-27T14:12:06","date_gmt":"2024-03-27T17:12:06","guid":{"rendered":"https:\/\/cmfalla-caba.infd.edu.ar\/sitio\/?page_id=8642"},"modified":"2025-10-20T16:46:04","modified_gmt":"2025-10-20T19:46:04","slug":"plantel-docente-etnomusicologia","status":"publish","type":"page","link":"https:\/\/cmfalla-caba.infd.edu.ar\/sitio\/plantel-docente-etnomusicologia\/","title":{"rendered":"Plantel Docente &#8211; Etnomusicolog\u00eda"},"content":{"rendered":"\n<figure class=\"wp-block-table is-style-stripes\"><table><tbody><tr><td><strong>Adorni, Ang\u00e9lica<\/strong><\/td><td><strong>Etnomusicolog\u00eda Latinoamericana \/ Historia de la m\u00fasica popular argentina y latinoamericana<\/strong><\/td><td><\/td><td><\/td><\/tr><tr><td><strong>Su\u00e1rez<\/strong>, <strong>Micaela <\/strong><\/td><td><strong>Antropolog\u00eda de la danza y el movimiento<\/strong><\/td><td><\/td><td><\/td><\/tr><tr><td><strong>Burec, Lorena<\/strong><\/td><td><strong>Tecnicas de analisis en etnomusicologia I<\/strong><\/td><td><\/td><td><\/td><\/tr><tr><td><strong>Bello, Aldana<\/strong><\/td><td><strong>Cord\u00f3fonos Latinoamericanos<\/strong><\/td><td><\/td><td><\/td><\/tr><tr><td><strong>Araujo, Yanina<\/strong><\/td><td><strong>Pr\u00e1ctica Vocal de Repertorio Tradicional I y II<\/strong><\/td><td><\/td><td><\/td><\/tr><tr><td><strong>P\u00e9rez, Sergio<\/strong><\/td><td><strong>Banda de Sikus y aer\u00f3fonos andinos<\/strong><\/td><td><\/td><td><\/td><\/tr><tr><td><strong>Ovejero, Carolina<\/strong><\/td><td><strong>Organolog\u00eda General \/ Organolog\u00eda Argentina y Latinoamericana<\/strong><\/td><td><\/td><td><\/td><\/tr><tr><td><strong>Ferreira, Luis<\/strong><\/td><td><strong>Etnomusicolog\u00eda General \/ M\u00fasica Popular Urbana \/ M\u00fasica Popular: Presencia cultural de la di\u00e1spora africana<\/strong><\/td><td><\/td><td><\/td><\/tr><tr><td><strong>Haddad, Rosario<\/strong><\/td><td><strong>Etnomusicolog\u00eda y Educaci\u00f3n<\/strong><\/td><td><\/td><td><\/td><\/tr><tr><td><strong>Liska, Mercedes<\/strong><\/td><td><strong>Tecnicas de analisis en etnomusicologia II<\/strong><\/td><td><\/td><td><\/td><\/tr><tr><td><strong>Polti, Victoria<\/strong><\/td><td><strong>Enfoques Te\u00f3ricos y Metodol\u00f3gicos en Etnomusicolog\u00eda II<\/strong><\/td><td><\/td><td><\/td><\/tr><tr><td><strong>Polti, Victoria<\/strong><\/td><td><strong>Teor\u00eda y Cr\u00edtica Etnomusicol\u00f3gica<\/strong><\/td><td><\/td><td><\/td><\/tr><tr><td><strong>Zalazar, Lucas<\/strong><\/td><td><strong>Practica de repertorio instrumental I y II Membranofonos e idiofonos afroamericanos<\/strong><\/td><td><\/td><td><\/td><\/tr><tr><td><strong>Russo, Diana<\/strong><\/td><td><strong>Cine documental y taller de realizacion audiovisual<\/strong><\/td><td><\/td><td><\/td><\/tr><tr><td><strong>Haddad, Rosario<\/strong> <\/td><td><strong>Etnomusicolog\u00eda Argentina<\/strong><\/td><td><\/td><td><\/td><\/tr><tr><td><strong>Sch\u00e4rer, Lidia<\/strong><\/td><td><strong>Enfoques teoricos y metodologicos en etnomusicologia I \/Celebraciones Populares \/ Etnograf\u00eda<\/strong><\/td><td><\/td><td><\/td><\/tr><tr><td><strong>G\u00f3mez, Ver\u00f3nica<\/strong><\/td><td><strong>Lenguas Nativas I y II (Guaran\u00ed)<\/strong><\/td><td><\/td><td><\/td><\/tr><tr><td><strong>Lew, Alejandro<\/strong><\/td><td><strong>Lenguas Nativas I y II (Quichua)<\/strong><\/td><td><\/td><td><\/td><\/tr><tr><td><strong>Corti, Berenice<\/strong><\/td><td><strong>M\u00fasica y producci\u00f3n de sentido \/ Sociolog\u00eda y comunicaci\u00f3n<\/strong><\/td><td><\/td><td><\/td><\/tr><tr><td><strong>Prada, Florencia<\/strong><\/td><td><strong>Ingl\u00e9s I y II<\/strong><\/td><td><\/td><td><\/td><\/tr><tr><td><strong>Enciso, Natalia<\/strong><\/td><td><strong>Portugu\u00e9s I y II<\/strong><\/td><td><\/td><td><\/td><\/tr><tr><td><strong>Zanolli, Carlos<\/strong><\/td><td><strong>Historia del Arte y la cultura \/ Historia social y pol\u00edtica latinoamericana y argentina<\/strong><\/td><td><\/td><td><\/td><\/tr><\/tbody><\/table><\/figure>\n","protected":false},"excerpt":{"rendered":"<p>Adorni, Ang\u00e9lica Etnomusicolog\u00eda Latinoamericana \/ Historia de la m\u00fasica popular argentina y latinoamericana Su\u00e1rez, Micaela Antropolog\u00eda de la danza y el movimiento Burec, Lorena Tecnicas de analisis en etnomusicologia I Bello, Aldana Cord\u00f3fonos Latinoamericanos Araujo, Yanina Pr\u00e1ctica Vocal de Repertorio Tradicional I y II P\u00e9rez, Sergio Banda de Sikus y aer\u00f3fonos andinos Ovejero, Carolina Organolog\u00eda &#8230; <a title=\"Plantel Docente &#8211; Etnomusicolog\u00eda\" class=\"read-more\" href=\"https:\/\/cmfalla-caba.infd.edu.ar\/sitio\/plantel-docente-etnomusicologia\/\" aria-label=\"More on Plantel Docente &#8211; Etnomusicolog\u00eda\">[+]<\/a><\/p>\n","protected":false},"author":3337,"featured_media":0,"parent":0,"menu_order":0,"comment_status":"closed","ping_status":"closed","template":"","meta":[],"acf":[],"_links":{"self":[{"href":"https:\/\/cmfalla-caba.infd.edu.ar\/sitio\/wp-json\/wp\/v2\/pages\/8642"}],"collection":[{"href":"https:\/\/cmfalla-caba.infd.edu.ar\/sitio\/wp-json\/wp\/v2\/pages"}],"about":[{"href":"https:\/\/cmfalla-caba.infd.edu.ar\/sitio\/wp-json\/wp\/v2\/types\/page"}],"author":[{"embeddable":true,"href":"https:\/\/cmfalla-caba.infd.edu.ar\/sitio\/wp-json\/wp\/v2\/users\/3337"}],"replies":[{"embeddable":true,"href":"https:\/\/cmfalla-caba.infd.edu.ar\/sitio\/wp-json\/wp\/v2\/comments?post=8642"}],"version-history":[{"count":2,"href":"https:\/\/cmfalla-caba.infd.edu.ar\/sitio\/wp-json\/wp\/v2\/pages\/8642\/revisions"}],"predecessor-version":[{"id":11133,"href":"https:\/\/cmfalla-caba.infd.edu.ar\/sitio\/wp-json\/wp\/v2\/pages\/8642\/revisions\/11133"}],"wp:attachment":[{"href":"https:\/\/cmfalla-caba.infd.edu.ar\/sitio\/wp-json\/wp\/v2\/media?parent=8642"}],"curies":[{"name":"wp","href":"https:\/\/api.w.org\/{rel}","templated":true}]}}